{"id":2247,"date":"2024-05-15T07:31:22","date_gmt":"2024-05-15T07:31:22","guid":{"rendered":"https:\/\/zeffirino-restaurant.com\/storia-dal-1939\/"},"modified":"2024-07-16T08:12:15","modified_gmt":"2024-07-16T08:12:15","slug":"storia-dal-1939","status":"publish","type":"page","link":"https:\/\/zeffirino-restaurant.com\/it\/storia-dal-1939\/","title":{"rendered":"Storia dal 1939"},"content":{"rendered":"<div class=\"wpb-content-wrapper\"><p>[vc_row row_height_percent=&#8221;100&#8243; override_padding=&#8221;yes&#8221; h_padding=&#8221;2&#8243; top_padding=&#8221;0&#8243; bottom_padding=&#8221;2&#8243; back_image=&#8221;764&#8243; overlay_alpha=&#8221;50&#8243; gutter_size=&#8221;3&#8243; column_width_percent=&#8221;100&#8243; shift_y=&#8221;0&#8243; z_index=&#8221;0&#8243; uncode_shortcode_id=&#8221;244192&#8243; row_name=&#8221;origine&#8221;][vc_column column_width_percent=&#8221;100&#8243; align_horizontal=&#8221;align_center&#8221; gutter_size=&#8221;3&#8243; overlay_alpha=&#8221;50&#8243; shift_x=&#8221;0&#8243; shift_y=&#8221;0&#8243; shift_y_down=&#8221;0&#8243; z_index=&#8221;0&#8243; medium_width=&#8221;0&#8243; mobile_width=&#8221;0&#8243; width=&#8221;1\/1&#8243; uncode_shortcode_id=&#8221;199890&#8243;][vc_row_inner row_inner_height_percent=&#8221;0&#8243; overlay_alpha=&#8221;50&#8243; gutter_size=&#8221;3&#8243; shift_y=&#8221;0&#8243; z_index=&#8221;0&#8243; medium_visibility=&#8221;yes&#8221; mobile_visibility=&#8221;yes&#8221; uncode_shortcode_id=&#8221;106681&#8243;][vc_column_inner column_width_percent=&#8221;100&#8243; align_horizontal=&#8221;align_center&#8221; gutter_size=&#8221;3&#8243; overlay_alpha=&#8221;50&#8243; shift_x=&#8221;0&#8243; shift_y=&#8221;0&#8243; shift_y_down=&#8221;0&#8243; z_index=&#8221;0&#8243; medium_width=&#8221;0&#8243; mobile_width=&#8221;0&#8243; width=&#8221;1\/1&#8243; uncode_shortcode_id=&#8221;123043&#8243;][vc_empty_space empty_h=&#8221;2&#8243;][vc_single_image media=&#8221;195&#8243; media_width_percent=&#8221;3&#8243; alignment=&#8221;center&#8221; uncode_shortcode_id=&#8221;623162&#8243;][\/vc_column_inner][\/vc_row_inner][vc_row_inner row_inner_height_percent=&#8221;0&#8243; overlay_alpha=&#8221;50&#8243; gutter_size=&#8221;3&#8243; shift_y=&#8221;0&#8243; z_index=&#8221;0&#8243; desktop_visibility=&#8221;yes&#8221; uncode_shortcode_id=&#8221;136909&#8243;][vc_column_inner column_width_percent=&#8221;100&#8243; align_horizontal=&#8221;align_center&#8221; gutter_size=&#8221;3&#8243; overlay_alpha=&#8221;50&#8243; shift_x=&#8221;0&#8243; shift_y=&#8221;0&#8243; shift_y_down=&#8221;0&#8243; z_index=&#8221;0&#8243; medium_width=&#8221;0&#8243; mobile_width=&#8221;0&#8243; width=&#8221;1\/1&#8243; uncode_shortcode_id=&#8221;123043&#8243;][vc_single_image media=&#8221;195&#8243; media_width_percent=&#8221;8&#8243; alignment=&#8221;center&#8221; uncode_shortcode_id=&#8221;207807&#8243;][\/vc_column_inner][\/vc_row_inner][vc_row_inner row_inner_height_percent=&#8221;0&#8243; overlay_alpha=&#8221;50&#8243; gutter_size=&#8221;3&#8243; shift_y=&#8221;0&#8243; z_index=&#8221;0&#8243; uncode_shortcode_id=&#8221;946706&#8243;][vc_column_inner column_width_percent=&#8221;100&#8243; align_horizontal=&#8221;align_center&#8221; gutter_size=&#8221;3&#8243; overlay_alpha=&#8221;50&#8243; shift_x=&#8221;0&#8243; shift_y=&#8221;0&#8243; shift_y_down=&#8221;0&#8243; z_index=&#8221;0&#8243; medium_width=&#8221;0&#8243; mobile_width=&#8221;0&#8243; width=&#8221;1\/1&#8243; uncode_shortcode_id=&#8221;123043&#8243;][vc_custom_heading heading_semantic=&#8221;h1&#8243; text_size=&#8221;h1&#8243; uncode_shortcode_id=&#8221;137111&#8243;]Le origini di Zeffirino[\/vc_custom_heading][vc_empty_space empty_h=&#8221;2&#8243;][vc_column_text uncode_shortcode_id=&#8221;211376&#8243;]<span class=\"font-135913\">La storia di Zeffirino inizia nel 1939 con Zeffirino Belloni, il patriarca della famiglia. Nato nel 1918 nella splendida campagna modenese, \u00e8 cresciuto insieme ai suoi tre fratelli. All&#8217;et\u00e0 di 17 anni spos\u00f2 la dolce Olga, dalla quale ebbe cinque figli: Gian Paolo, Luciano, Odino, Alberto e Giorgio.<\/span>[\/vc_column_text][\/vc_column_inner][\/vc_row_inner][vc_empty_space empty_h=&#8221;2&#8243;][vc_row_inner row_inner_height_percent=&#8221;0&#8243; force_width_grid=&#8221;yes&#8221; overlay_alpha=&#8221;50&#8243; gutter_size=&#8221;3&#8243; shift_y=&#8221;0&#8243; z_index=&#8221;0&#8243; uncode_shortcode_id=&#8221;945205&#8243;][vc_column_inner column_width_percent=&#8221;100&#8243; align_horizontal=&#8221;align_center&#8221; gutter_size=&#8221;3&#8243; override_padding=&#8221;yes&#8221; column_padding=&#8221;0&#8243; expand_height=&#8221;yes&#8221; overlay_alpha=&#8221;50&#8243; shift_x=&#8221;0&#8243; shift_y=&#8221;0&#8243; shift_y_down=&#8221;0&#8243; z_index=&#8221;0&#8243; medium_width=&#8221;0&#8243; mobile_width=&#8221;0&#8243; width=&#8221;1\/3&#8243; uncode_shortcode_id=&#8221;366671&#8243;][vc_single_image media=&#8221;416&#8243; media_width_percent=&#8221;15&#8243; alignment=&#8221;center&#8221; uncode_shortcode_id=&#8221;201461&#8243;][vc_column_text uncode_shortcode_id=&#8221;198036&#8243;]<span class=\"font-135913\">Durante la Seconda guerra mondiale, Zeffirino fu chiamato al servizio militare. In qualit\u00e0 di colonnello, \u00e8 responsabile della preparazione dei pasti. Scoprendo questa professione, ha sviluppato una vera e propria passione per la cucina, una passione che avrebbe plasmato le sue scelte future.<\/span>[\/vc_column_text][\/vc_column_inner][vc_column_inner column_width_percent=&#8221;100&#8243; position_vertical=&#8221;middle&#8221; gutter_size=&#8221;3&#8243; overlay_alpha=&#8221;50&#8243; shift_x=&#8221;0&#8243; shift_y=&#8221;0&#8243; shift_y_down=&#8221;0&#8243; z_index=&#8221;0&#8243; medium_width=&#8221;0&#8243; mobile_width=&#8221;0&#8243; width=&#8221;1\/3&#8243; uncode_shortcode_id=&#8221;776015&#8243;][vc_single_image media=&#8221;1573&#8243; media_width_percent=&#8221;100&#8243; alignment=&#8221;center&#8221; uncode_shortcode_id=&#8221;360819&#8243;][\/vc_column_inner][vc_column_inner column_width_percent=&#8221;100&#8243; align_horizontal=&#8221;align_center&#8221; gutter_size=&#8221;3&#8243; override_padding=&#8221;yes&#8221; column_padding=&#8221;0&#8243; overlay_alpha=&#8221;50&#8243; shift_x=&#8221;0&#8243; shift_y=&#8221;0&#8243; shift_y_down=&#8221;0&#8243; z_index=&#8221;0&#8243; medium_width=&#8221;0&#8243; mobile_width=&#8221;0&#8243; width=&#8221;1\/3&#8243; uncode_shortcode_id=&#8221;586774&#8243;][vc_single_image media=&#8221;417&#8243; media_width_percent=&#8221;15&#8243; alignment=&#8221;center&#8221; uncode_shortcode_id=&#8221;874287&#8243;][vc_column_text uncode_shortcode_id=&#8221;843449&#8243;]<span class=\"font-135913\">Dopo la guerra, Zeffirino vendette tutto, fece le valigie e torn\u00f2 a Genoa con moglie e figli, con l&#8217;intenzione di salpare per l&#8217;Argentina. Ma fu sedotto da Genoa e dalla sua apertura al mare e decise di stabilirvisi.<\/span>[\/vc_column_text][\/vc_column_inner][\/vc_row_inner][vc_row_inner row_inner_height_percent=&#8221;0&#8243; overlay_alpha=&#8221;50&#8243; gutter_size=&#8221;3&#8243; shift_y=&#8221;0&#8243; z_index=&#8221;0&#8243; medium_visibility=&#8221;yes&#8221; mobile_visibility=&#8221;yes&#8221; uncode_shortcode_id=&#8221;862882&#8243;][vc_column_inner column_width_percent=&#8221;100&#8243; position_vertical=&#8221;middle&#8221; align_horizontal=&#8221;align_center&#8221; gutter_size=&#8221;3&#8243; overlay_alpha=&#8221;50&#8243; shift_x=&#8221;0&#8243; shift_y=&#8221;0&#8243; shift_y_down=&#8221;0&#8243; z_index=&#8221;0&#8243; medium_width=&#8221;0&#8243; mobile_width=&#8221;0&#8243; width=&#8221;1\/1&#8243; uncode_shortcode_id=&#8221;191584&#8243;][vc_empty_space empty_h=&#8221;2&#8243;][vc_single_image media=&#8221;195&#8243; media_width_percent=&#8221;2&#8243; alignment=&#8221;center&#8221; uncode_shortcode_id=&#8221;464444&#8243;][vc_empty_space empty_h=&#8221;2&#8243;][\/vc_column_inner][\/vc_row_inner][vc_row_inner row_inner_height_percent=&#8221;0&#8243; force_width_grid=&#8221;yes&#8221; overlay_alpha=&#8221;50&#8243; gutter_size=&#8221;3&#8243; shift_y=&#8221;0&#8243; z_index=&#8221;0&#8243; uncode_shortcode_id=&#8221;945205&#8243;][vc_column_inner column_width_percent=&#8221;100&#8243; align_horizontal=&#8221;align_center&#8221; gutter_size=&#8221;3&#8243; override_padding=&#8221;yes&#8221; column_padding=&#8221;0&#8243; expand_height=&#8221;yes&#8221; overlay_alpha=&#8221;50&#8243; shift_x=&#8221;0&#8243; shift_y=&#8221;0&#8243; shift_y_down=&#8221;0&#8243; z_index=&#8221;0&#8243; medium_width=&#8221;0&#8243; mobile_width=&#8221;0&#8243; width=&#8221;1\/3&#8243; uncode_shortcode_id=&#8221;366671&#8243;][vc_single_image media=&#8221;446&#8243; media_width_percent=&#8221;15&#8243; alignment=&#8221;center&#8221; uncode_shortcode_id=&#8221;105951&#8243;][vc_column_text uncode_shortcode_id=&#8221;173739&#8243;]<span class=\"font-135913\">Con le competenze acquisite in cucina, Zeffirino rilev\u00f2 una trattoria nella zona est della citt\u00e0. Chiamato <em>L\u2019Emiliana<\/em>, il concept offre una cucina tipica, frutto del lavoro di tutta la famiglia.<\/span>[\/vc_column_text][\/vc_column_inner][vc_column_inner column_width_percent=&#8221;100&#8243; position_vertical=&#8221;middle&#8221; gutter_size=&#8221;3&#8243; overlay_alpha=&#8221;50&#8243; shift_x=&#8221;0&#8243; shift_y=&#8221;0&#8243; shift_y_down=&#8221;0&#8243; z_index=&#8221;0&#8243; medium_width=&#8221;0&#8243; mobile_width=&#8221;0&#8243; width=&#8221;1\/3&#8243; uncode_shortcode_id=&#8221;776015&#8243;][vc_single_image media=&#8221;1574&#8243; media_width_percent=&#8221;100&#8243; alignment=&#8221;center&#8221; uncode_shortcode_id=&#8221;396030&#8243;][\/vc_column_inner][vc_column_inner column_width_percent=&#8221;100&#8243; align_horizontal=&#8221;align_center&#8221; gutter_size=&#8221;3&#8243; override_padding=&#8221;yes&#8221; column_padding=&#8221;0&#8243; overlay_alpha=&#8221;50&#8243; shift_x=&#8221;0&#8243; shift_y=&#8221;0&#8243; shift_y_down=&#8221;0&#8243; z_index=&#8221;0&#8243; medium_width=&#8221;0&#8243; mobile_width=&#8221;0&#8243; width=&#8221;1\/3&#8243; uncode_shortcode_id=&#8221;586774&#8243;][vc_single_image media=&#8221;447&#8243; media_width_percent=&#8221;15&#8243; alignment=&#8221;center&#8221; uncode_shortcode_id=&#8221;746472&#8243;][vc_column_text uncode_shortcode_id=&#8221;741853&#8243;]<span class=\"font-135913\">Con il passare degli anni e la nascita dei nipoti, Zeffirino si \u00e8 impegnato a trovare una sede maestosa nel centro di Genoa, vicino al Ponte Monumentale. Una volta trovato, gli diede il proprio nome, creando Zeffirino 1939.<\/span>[\/vc_column_text][\/vc_column_inner][\/vc_row_inner][vc_empty_space empty_h=&#8221;2&#8243;][\/vc_column][\/vc_row][vc_row unlock_row_content=&#8221;yes&#8221; row_height_percent=&#8221;30&#8243; back_image=&#8221;1268&#8243; parallax=&#8221;yes&#8221; overlay_color=&#8221;color-jevc&#8221; overlay_alpha=&#8221;30&#8243; gutter_size=&#8221;3&#8243; column_width_percent=&#8221;100&#8243; shift_y=&#8221;0&#8243; z_index=&#8221;0&#8243; uncode_shortcode_id=&#8221;147683&#8243; overlay_color_type=&#8221;uncode-palette&#8221;][vc_column width=&#8221;1\/1&#8243;][vc_empty_space empty_h=&#8221;5&#8243;][\/vc_column][\/vc_row][vc_row row_height_percent=&#8221;100&#8243; override_padding=&#8221;yes&#8221; h_padding=&#8221;2&#8243; top_padding=&#8221;0&#8243; bottom_padding=&#8221;2&#8243; back_image=&#8221;400&#8243; overlay_alpha=&#8221;50&#8243; gutter_size=&#8221;3&#8243; column_width_percent=&#8221;100&#8243; shift_y=&#8221;0&#8243; z_index=&#8221;0&#8243; uncode_shortcode_id=&#8221;910748&#8243; row_name=&#8221;famille&#8221;][vc_column column_width_percent=&#8221;100&#8243; align_horizontal=&#8221;align_center&#8221; gutter_size=&#8221;3&#8243; overlay_alpha=&#8221;50&#8243; shift_x=&#8221;0&#8243; shift_y=&#8221;0&#8243; shift_y_down=&#8221;0&#8243; z_index=&#8221;0&#8243; medium_width=&#8221;0&#8243; mobile_width=&#8221;0&#8243; width=&#8221;1\/1&#8243; uncode_shortcode_id=&#8221;166797&#8243;][vc_empty_space empty_h=&#8221;3&#8243;][vc_row_inner][vc_column_inner column_width_percent=&#8221;100&#8243; align_horizontal=&#8221;align_center&#8221; gutter_size=&#8221;3&#8243; overlay_alpha=&#8221;50&#8243; shift_x=&#8221;0&#8243; shift_y=&#8221;0&#8243; shift_y_down=&#8221;0&#8243; z_index=&#8221;0&#8243; medium_width=&#8221;0&#8243; mobile_width=&#8221;0&#8243; width=&#8221;1\/1&#8243; uncode_shortcode_id=&#8221;123043&#8243;][vc_single_image media=&#8221;195&#8243; media_width_percent=&#8221;3&#8243; alignment=&#8221;center&#8221; uncode_shortcode_id=&#8221;623162&#8243;][vc_column_text text_lead=&#8221;yes&#8221; text_color=&#8221;color-728538&#8243; uncode_shortcode_id=&#8221;154479&#8243; text_color_type=&#8221;uncode-palette&#8221;]<span class=\"font-135913\">La famiglia Zeffirino<\/span>[\/vc_column_text][vc_custom_heading text_size=&#8221;h1&#8243; uncode_shortcode_id=&#8221;559379&#8243;]Una storia generazionale[\/vc_custom_heading][vc_empty_space empty_h=&#8221;2&#8243;][vc_column_text uncode_shortcode_id=&#8221;120449&#8243;]<span class=\"font-135913\">Se una delle caratteristiche principali della cucina italiana \u00e8 la semplicit\u00e0, la ricetta del successo di Zeffirino \u00e8 la famiglia. Nel cuore di Genoa, Zeffirino Belloni, sua moglie Olga e i loro 5 figli Gianpaolo, Luciano, Odino, Alberto e Giorgio, insieme alle nuore Giannina, Livia e Renata, hanno creato un marchio riconosciuto a livello internazionale.<\/span>[\/vc_column_text][vc_empty_space empty_h=&#8221;2&#8243;][\/vc_column_inner][\/vc_row_inner][vc_empty_space empty_h=&#8221;2&#8243;][vc_separator sep_color=&#8221;color-728538&#8243; uncode_shortcode_id=&#8221;132207&#8243; sep_color_type=&#8221;uncode-palette&#8221;][vc_empty_space empty_h=&#8221;2&#8243;][vc_row_inner][vc_column_inner column_width_percent=&#8221;100&#8243; align_horizontal=&#8221;align_center&#8221; gutter_size=&#8221;3&#8243; overlay_alpha=&#8221;50&#8243; border_color=&#8221;color-728538&#8243; shift_x=&#8221;0&#8243; shift_y=&#8221;0&#8243; shift_y_down=&#8221;0&#8243; z_index=&#8221;0&#8243; medium_width=&#8221;3&#8243; mobile_width=&#8221;0&#8243; width=&#8221;1\/3&#8243; uncode_shortcode_id=&#8221;193425&#8243; border_color_type=&#8221;uncode-palette&#8221;][vc_single_image media=&#8221;460&#8243; media_width_percent=&#8221;100&#8243; advanced=&#8221;yes&#8221; media_overlay_opacity=&#8221;50&#8243; media_image_coloration=&#8221;desaturated&#8221; media_padding=&#8221;2&#8243; uncode_shortcode_id=&#8221;180457&#8243; el_class=&#8221;borderrr&#8221;][vc_custom_heading heading_semantic=&#8221;p&#8221; uncode_shortcode_id=&#8221;796802&#8243;]Gian Paolo[\/vc_custom_heading][vc_column_text uncode_shortcode_id=&#8221;183153&#8243;]<span class=\"font-135913\">Nel cuore della cucina di Zeffirino, Gian Paolo, affiancato dalla moglie Giannina, ha dedicato la sua vita alla coltivazione del gusto. La sua infinita passione per la cucina lo ha portato a diventare ambasciatore della cucina italiana nel mondo e, ora che \u00e8 in pensione, si diverte a coltivare il suo orto e a far s\u00ec che i sapori tradizionali della famiglia non vadano mai persi.<\/span>[\/vc_column_text][\/vc_column_inner][vc_column_inner column_width_percent=&#8221;100&#8243; align_horizontal=&#8221;align_center&#8221; gutter_size=&#8221;3&#8243; overlay_alpha=&#8221;50&#8243; border_color=&#8221;color-728538&#8243; shift_x=&#8221;0&#8243; shift_y=&#8221;0&#8243; shift_y_down=&#8221;0&#8243; z_index=&#8221;0&#8243; medium_width=&#8221;3&#8243; mobile_width=&#8221;0&#8243; width=&#8221;1\/3&#8243; uncode_shortcode_id=&#8221;228296&#8243; border_color_type=&#8221;uncode-palette&#8221;][vc_single_image media=&#8221;461&#8243; media_width_percent=&#8221;100&#8243; advanced=&#8221;yes&#8221; media_overlay_opacity=&#8221;50&#8243; media_image_coloration=&#8221;desaturated&#8221; media_padding=&#8221;2&#8243; uncode_shortcode_id=&#8221;109346&#8243; el_class=&#8221;borderrr&#8221;][vc_custom_heading heading_semantic=&#8221;p&#8221; uncode_shortcode_id=&#8221;137438&#8243;]Luciano[\/vc_custom_heading][vc_column_text uncode_shortcode_id=&#8221;662239&#8243;]<span class=\"font-135913\">Il successo di un ristorante dipende sempre dalla sala e Luciano lo sa bene. Pilastro del ristorante insieme al fratello Gian Paolo, Luciano si \u00e8 dedicato al marketing, alla sala e allo sviluppo internazionale del marchio Zeffirino. \u00c8 ancora la voce della famiglia, pronta a incantare con storie e aneddoti di una carriera trascorsa al fianco di personaggi di fama mondiale.<\/span>[\/vc_column_text][\/vc_column_inner][vc_column_inner column_width_percent=&#8221;100&#8243; align_horizontal=&#8221;align_center&#8221; gutter_size=&#8221;3&#8243; overlay_alpha=&#8221;50&#8243; border_color=&#8221;color-728538&#8243; border_style=&#8221;solid&#8221; shift_x=&#8221;0&#8243; shift_y=&#8221;0&#8243; shift_y_down=&#8221;0&#8243; z_index=&#8221;0&#8243; medium_width=&#8221;3&#8243; mobile_width=&#8221;0&#8243; width=&#8221;1\/3&#8243; uncode_shortcode_id=&#8221;118014&#8243; border_color_type=&#8221;uncode-palette&#8221;][vc_single_image media=&#8221;462&#8243; media_width_percent=&#8221;100&#8243; advanced=&#8221;yes&#8221; media_overlay_opacity=&#8221;50&#8243; media_image_coloration=&#8221;desaturated&#8221; media_padding=&#8221;2&#8243; uncode_shortcode_id=&#8221;203076&#8243; el_class=&#8221;borderrr&#8221;][vc_custom_heading heading_semantic=&#8221;p&#8221; uncode_shortcode_id=&#8221;164693&#8243;]Odino[\/vc_custom_heading][vc_column_text uncode_shortcode_id=&#8221;119128&#8243;]<span class=\"font-135913\">Pi\u00f9 giovane dei fratelli Luciano e Paolo, Odino si \u00e8 distinto per aver conservato i sapori dei piatti tipici di Zeffirino, tra cui la ricetta del pesto e i &#8220;Paffutelli alla Frank&#8221;. La fedele moglie Renata lavorava al suo fianco in cucina.<\/span>[\/vc_column_text][\/vc_column_inner][\/vc_row_inner][vc_empty_space empty_h=&#8221;2&#8243;][vc_separator sep_color=&#8221;color-728538&#8243; uncode_shortcode_id=&#8221;857433&#8243; sep_color_type=&#8221;uncode-palette&#8221;][vc_empty_space empty_h=&#8221;2&#8243;][vc_empty_space empty_h=&#8221;2&#8243;][vc_row_inner][vc_column_inner column_width_percent=&#8221;100&#8243; align_horizontal=&#8221;align_center&#8221; gutter_size=&#8221;3&#8243; overlay_alpha=&#8221;50&#8243; border_color=&#8221;color-728538&#8243; shift_x=&#8221;0&#8243; shift_y=&#8221;0&#8243; shift_y_down=&#8221;0&#8243; z_index=&#8221;0&#8243; medium_width=&#8221;0&#8243; mobile_width=&#8221;0&#8243; width=&#8221;1\/2&#8243; uncode_shortcode_id=&#8221;918813&#8243; border_color_type=&#8221;uncode-palette&#8221;][vc_single_image media=&#8221;504&#8243; media_width_percent=&#8221;100&#8243; advanced=&#8221;yes&#8221; media_overlay_opacity=&#8221;50&#8243; media_image_coloration=&#8221;desaturated&#8221; media_padding=&#8221;2&#8243; uncode_shortcode_id=&#8221;166509&#8243; el_class=&#8221;borderrr&#8221;][vc_custom_heading heading_semantic=&#8221;p&#8221; uncode_shortcode_id=&#8221;148784&#8243;]Alberto[\/vc_custom_heading][vc_column_text uncode_shortcode_id=&#8221;174824&#8243;]<span class=\"font-135913\">Quando si present\u00f2 l&#8217;opportunit\u00e0 di sviluppare Zeffirino all&#8217;estero, Alberto non si tir\u00f2 indietro. Per anni ha rappresentato la famiglia allo Zeffirino di Las Vegas, dove ora vive stabilmente e continua a lavorare con la famiglia.<\/span>[\/vc_column_text][\/vc_column_inner][vc_column_inner column_width_percent=&#8221;100&#8243; align_horizontal=&#8221;align_center&#8221; gutter_size=&#8221;3&#8243; overlay_alpha=&#8221;50&#8243; border_color=&#8221;color-728538&#8243; shift_x=&#8221;0&#8243; shift_y=&#8221;0&#8243; shift_y_down=&#8221;0&#8243; z_index=&#8221;0&#8243; medium_width=&#8221;0&#8243; mobile_width=&#8221;0&#8243; width=&#8221;1\/2&#8243; uncode_shortcode_id=&#8221;161158&#8243; border_color_type=&#8221;uncode-palette&#8221;][vc_single_image media=&#8221;493&#8243; media_width_percent=&#8221;100&#8243; advanced=&#8221;yes&#8221; media_overlay_opacity=&#8221;50&#8243; media_image_coloration=&#8221;desaturated&#8221; media_padding=&#8221;2&#8243; uncode_shortcode_id=&#8221;201551&#8243; el_class=&#8221;borderrr&#8221;][vc_custom_heading heading_semantic=&#8221;p&#8221; uncode_shortcode_id=&#8221;107929&#8243;]Giorgio[\/vc_custom_heading][vc_column_text uncode_shortcode_id=&#8221;204222&#8243;]<span class=\"font-135913\">Il pi\u00f9 giovane dei 5 fratelli, Giorgio, come Alberto, \u00e8 l&#8217;ambasciatore della famiglia all&#8217;estero. Ha scelto di stabilirsi al caldo sole del Brasile, dove ha aperto un sontuoso hotel nella magnifica regione di Ilh\u00e9us, a Bahia, circondato da spiagge e vegetazione lussureggiante.<\/span>[\/vc_column_text][\/vc_column_inner][\/vc_row_inner][vc_empty_space empty_h=&#8221;2&#8243;][vc_separator sep_color=&#8221;color-728538&#8243; uncode_shortcode_id=&#8221;857433&#8243; sep_color_type=&#8221;uncode-palette&#8221;][vc_empty_space empty_h=&#8221;2&#8243;][vc_row_inner][vc_column_inner column_width_percent=&#8221;100&#8243; align_horizontal=&#8221;align_center&#8221; gutter_size=&#8221;3&#8243; overlay_alpha=&#8221;50&#8243; border_color=&#8221;color-728538&#8243; border_style=&#8221;solid&#8221; shift_x=&#8221;0&#8243; shift_y=&#8221;0&#8243; shift_y_down=&#8221;0&#8243; z_index=&#8221;0&#8243; medium_width=&#8221;0&#8243; mobile_width=&#8221;0&#8243; width=&#8221;1\/3&#8243; uncode_shortcode_id=&#8221;606575&#8243; border_color_type=&#8221;uncode-palette&#8221;][vc_single_image media=&#8221;494&#8243; media_width_percent=&#8221;100&#8243; advanced=&#8221;yes&#8221; media_overlay_opacity=&#8221;50&#8243; media_image_coloration=&#8221;desaturated&#8221; media_padding=&#8221;2&#8243; uncode_shortcode_id=&#8221;120348&#8243; el_class=&#8221;borderrr&#8221;][vc_custom_heading heading_semantic=&#8221;p&#8221; uncode_shortcode_id=&#8221;189336&#8243;]Marco[\/vc_custom_heading][vc_column_text uncode_shortcode_id=&#8221;549333&#8243;]<span class=\"font-135913\">Dopo aver esplorato il mondo, Marco ha adottato la filosofia del buon vivere. Responsabile del ristorante di Genoa, si dedica ogni giorno a offrire ai suoi clienti il meglio, coniugando tradizione e radici familiari.<\/span>[\/vc_column_text][\/vc_column_inner][vc_column_inner column_width_percent=&#8221;100&#8243; align_horizontal=&#8221;align_center&#8221; gutter_size=&#8221;3&#8243; overlay_alpha=&#8221;50&#8243; border_color=&#8221;color-728538&#8243; border_style=&#8221;solid&#8221; shift_x=&#8221;0&#8243; shift_y=&#8221;0&#8243; shift_y_down=&#8221;0&#8243; z_index=&#8221;0&#8243; medium_width=&#8221;0&#8243; mobile_width=&#8221;0&#8243; width=&#8221;1\/3&#8243; uncode_shortcode_id=&#8221;169149&#8243; border_color_type=&#8221;uncode-palette&#8221;][vc_single_image media=&#8221;2550&#8243; media_width_percent=&#8221;100&#8243; advanced=&#8221;yes&#8221; media_overlay_opacity=&#8221;50&#8243; media_image_coloration=&#8221;desaturated&#8221; media_padding=&#8221;2&#8243; uncode_shortcode_id=&#8221;203862&#8243; el_class=&#8221;borderrr&#8221;][vc_custom_heading heading_semantic=&#8221;p&#8221; uncode_shortcode_id=&#8221;114192&#8243;]Sabrina[\/vc_custom_heading][vc_column_text uncode_shortcode_id=&#8221;172703&#8243;]<span class=\"font-135913\">Figlia di Odino, Sabrina continua a mantenere la tradizione trasmessa dal padre, portando armonia e tranquillit\u00e0 in famiglia. Gestisce la parte amministrativa del ristorante e della famiglia. Inoltre, si occupa con passione dell\u2019organizzazione dei catering sui jet privati, garantendo che ogni dettaglio sia curato con precisione e che l\u2019eccellenza culinaria della famiglia raggiunga nuove vette anche nei cieli.<\/span>[\/vc_column_text][\/vc_column_inner][vc_column_inner column_width_percent=&#8221;100&#8243; align_horizontal=&#8221;align_center&#8221; gutter_size=&#8221;3&#8243; overlay_alpha=&#8221;50&#8243; shift_x=&#8221;0&#8243; shift_y=&#8221;0&#8243; shift_y_down=&#8221;0&#8243; z_index=&#8221;0&#8243; medium_width=&#8221;0&#8243; mobile_width=&#8221;0&#8243; width=&#8221;1\/3&#8243; uncode_shortcode_id=&#8221;479502&#8243;][vc_single_image media=&#8221;503&#8243; media_width_percent=&#8221;100&#8243; advanced=&#8221;yes&#8221; media_overlay_opacity=&#8221;50&#8243; media_image_coloration=&#8221;desaturated&#8221; media_padding=&#8221;2&#8243; uncode_shortcode_id=&#8221;177511&#8243; el_class=&#8221;borderrr&#8221;][vc_custom_heading heading_semantic=&#8221;p&#8221; uncode_shortcode_id=&#8221;112213&#8243;]Lucia[\/vc_custom_heading][vc_column_text uncode_shortcode_id=&#8221;116756&#8243;]<span class=\"font-135913\">Appassionata e determinata, Lucia lavora al fianco di Marco, portando avanti la tradizione culinaria di famiglia. In particolare, \u00e8 responsabile della produzione del pesto, un compito che affronta con amore e rispetto.<\/span>[\/vc_column_text][\/vc_column_inner][\/vc_row_inner][vc_empty_space empty_h=&#8221;2&#8243;][vc_separator sep_color=&#8221;color-728538&#8243; uncode_shortcode_id=&#8221;857433&#8243; sep_color_type=&#8221;uncode-palette&#8221;][vc_empty_space empty_h=&#8221;2&#8243;][\/vc_column][\/vc_row][vc_row unlock_row_content=&#8221;yes&#8221; row_height_percent=&#8221;30&#8243; back_image=&#8221;1265&#8243; parallax=&#8221;yes&#8221; overlay_color=&#8221;color-jevc&#8221; overlay_alpha=&#8221;30&#8243; gutter_size=&#8221;3&#8243; column_width_percent=&#8221;100&#8243; shift_y=&#8221;0&#8243; z_index=&#8221;0&#8243; medium_visibility=&#8221;yes&#8221; mobile_visibility=&#8221;yes&#8221; uncode_shortcode_id=&#8221;118278&#8243; overlay_color_type=&#8221;uncode-palette&#8221;][vc_column width=&#8221;1\/1&#8243;][\/vc_column][\/vc_row][vc_row unlock_row_content=&#8221;yes&#8221; row_height_percent=&#8221;30&#8243; back_image=&#8221;1265&#8243; parallax=&#8221;yes&#8221; overlay_color=&#8221;color-jevc&#8221; overlay_alpha=&#8221;30&#8243; gutter_size=&#8221;3&#8243; column_width_percent=&#8221;100&#8243; shift_y=&#8221;0&#8243; z_index=&#8221;0&#8243; desktop_visibility=&#8221;yes&#8221; uncode_shortcode_id=&#8221;875774&#8243; overlay_color_type=&#8221;uncode-palette&#8221;][vc_column width=&#8221;1\/1&#8243;][vc_empty_space empty_h=&#8221;5&#8243;][\/vc_column][\/vc_row][vc_row row_height_percent=&#8221;0&#8243; back_image=&#8221;522&#8243; overlay_alpha=&#8221;50&#8243; gutter_size=&#8221;3&#8243; column_width_percent=&#8221;100&#8243; shift_y=&#8221;0&#8243; z_index=&#8221;0&#8243; uncode_shortcode_id=&#8221;103203&#8243; row_name=&#8221;#pesto&#8221;][vc_column width=&#8221;1\/1&#8243;][vc_row_inner row_inner_height_percent=&#8221;0&#8243; overlay_alpha=&#8221;50&#8243; gutter_size=&#8221;3&#8243; shift_y=&#8221;0&#8243; z_index=&#8221;0&#8243; medium_visibility=&#8221;yes&#8221; mobile_visibility=&#8221;yes&#8221; uncode_shortcode_id=&#8221;765556&#8243;][vc_column_inner column_width_percent=&#8221;100&#8243; align_horizontal=&#8221;align_center&#8221; gutter_size=&#8221;3&#8243; overlay_alpha=&#8221;50&#8243; shift_x=&#8221;0&#8243; shift_y=&#8221;0&#8243; shift_y_down=&#8221;0&#8243; z_index=&#8221;0&#8243; medium_width=&#8221;0&#8243; mobile_width=&#8221;0&#8243; width=&#8221;1\/1&#8243; uncode_shortcode_id=&#8221;123043&#8243;][vc_empty_space empty_h=&#8221;2&#8243;][vc_single_image media=&#8221;195&#8243; media_width_percent=&#8221;3&#8243; alignment=&#8221;center&#8221; uncode_shortcode_id=&#8221;994671&#8243;][vc_empty_space empty_h=&#8221;2&#8243;][\/vc_column_inner][\/vc_row_inner][vc_row_inner row_inner_height_percent=&#8221;0&#8243; overlay_alpha=&#8221;50&#8243; gutter_size=&#8221;3&#8243; shift_y=&#8221;0&#8243; z_index=&#8221;0&#8243; desktop_visibility=&#8221;yes&#8221; uncode_shortcode_id=&#8221;177960&#8243;][vc_column_inner column_width_percent=&#8221;100&#8243; align_horizontal=&#8221;align_center&#8221; gutter_size=&#8221;3&#8243; overlay_alpha=&#8221;50&#8243; shift_x=&#8221;0&#8243; shift_y=&#8221;0&#8243; shift_y_down=&#8221;0&#8243; z_index=&#8221;0&#8243; medium_width=&#8221;0&#8243; mobile_width=&#8221;0&#8243; width=&#8221;1\/1&#8243; uncode_shortcode_id=&#8221;123043&#8243;][vc_empty_space empty_h=&#8221;0&#8243;][vc_single_image media=&#8221;195&#8243; media_width_percent=&#8221;8&#8243; alignment=&#8221;center&#8221; uncode_shortcode_id=&#8221;115432&#8243;][vc_empty_space empty_h=&#8221;2&#8243;][\/vc_column_inner][\/vc_row_inner][vc_row_inner row_inner_height_percent=&#8221;0&#8243; overlay_alpha=&#8221;50&#8243; gutter_size=&#8221;3&#8243; shift_y=&#8221;0&#8243; z_index=&#8221;0&#8243; uncode_shortcode_id=&#8221;854383&#8243;][vc_column_inner column_width_percent=&#8221;100&#8243; align_horizontal=&#8221;align_center&#8221; gutter_size=&#8221;3&#8243; overlay_alpha=&#8221;50&#8243; shift_x=&#8221;0&#8243; shift_y=&#8221;0&#8243; shift_y_down=&#8221;0&#8243; z_index=&#8221;0&#8243; medium_width=&#8221;0&#8243; mobile_width=&#8221;0&#8243; width=&#8221;1\/1&#8243; uncode_shortcode_id=&#8221;123043&#8243;][vc_column_text text_lead=&#8221;yes&#8221; text_color=&#8221;color-728538&#8243; uncode_shortcode_id=&#8221;180000&#8243; text_color_type=&#8221;uncode-palette&#8221;]<span class=\"font-135913\">Pesto di Zeffirino<\/span>[\/vc_column_text][vc_custom_heading text_size=&#8221;h1&#8243; uncode_shortcode_id=&#8221;900782&#8243;]Una reputazione costruita sui migliori prodotti liguri[\/vc_custom_heading][vc_empty_space empty_h=&#8221;2&#8243;][vc_column_text uncode_shortcode_id=&#8221;106910&#8243;]https:\/\/youtu.be\/JnqdIswnQoU?si=KDx8WAUF6T4C6ut4[\/vc_column_text][vc_column_text uncode_shortcode_id=&#8221;149387&#8243;]<span class=\"font-135913\">Oltre che per la sua storia e le sue tradizioni familiari, Zeffirino ha costruito la sua reputazione anche grazie al suo autentico Pesto Genovese. Dai colori vivaci e incredibilmente coinvolgenti, \u00e8 realizzato con i migliori ingredienti transalpini, come il basilico di Pr\u00e0 raccolto a mano, il pecorino sardo, il parmigiano reggiano e l&#8217;olio extravergine di oliva ligure.<\/span>[\/vc_column_text][vc_empty_space empty_h=&#8221;2&#8243; medium_visibility=&#8221;yes&#8221; mobile_visibility=&#8221;yes&#8221;][\/vc_column_inner][\/vc_row_inner][\/vc_column][\/vc_row][vc_row row_height_percent=&#8221;0&#8243; back_image=&#8221;530&#8243; overlay_alpha=&#8221;50&#8243; gutter_size=&#8221;3&#8243; column_width_percent=&#8221;100&#8243; shift_y=&#8221;0&#8243; z_index=&#8221;0&#8243; uncode_shortcode_id=&#8221;196810&#8243; row_name=&#8221;papes&#8221;][vc_column width=&#8221;1\/1&#8243;][vc_empty_space empty_h=&#8221;2&#8243;][vc_row_inner row_inner_height_percent=&#8221;0&#8243; overlay_alpha=&#8221;50&#8243; gutter_size=&#8221;3&#8243; shift_y=&#8221;0&#8243; z_index=&#8221;0&#8243; medium_visibility=&#8221;yes&#8221; mobile_visibility=&#8221;yes&#8221; uncode_shortcode_id=&#8221;146003&#8243;][vc_column_inner column_width_percent=&#8221;100&#8243; align_horizontal=&#8221;align_center&#8221; gutter_size=&#8221;3&#8243; overlay_alpha=&#8221;50&#8243; shift_x=&#8221;0&#8243; shift_y=&#8221;0&#8243; shift_y_down=&#8221;0&#8243; z_index=&#8221;0&#8243; medium_width=&#8221;0&#8243; mobile_width=&#8221;0&#8243; width=&#8221;1\/1&#8243; uncode_shortcode_id=&#8221;123043&#8243;][vc_single_image media=&#8221;195&#8243; media_width_percent=&#8221;3&#8243; alignment=&#8221;center&#8221; uncode_shortcode_id=&#8221;179982&#8243;][\/vc_column_inner][\/vc_row_inner][vc_row_inner row_inner_height_percent=&#8221;0&#8243; overlay_alpha=&#8221;50&#8243; gutter_size=&#8221;3&#8243; shift_y=&#8221;0&#8243; z_index=&#8221;0&#8243; desktop_visibility=&#8221;yes&#8221; uncode_shortcode_id=&#8221;114893&#8243;][vc_column_inner column_width_percent=&#8221;100&#8243; align_horizontal=&#8221;align_center&#8221; gutter_size=&#8221;3&#8243; overlay_alpha=&#8221;50&#8243; shift_x=&#8221;0&#8243; shift_y=&#8221;0&#8243; shift_y_down=&#8221;0&#8243; z_index=&#8221;0&#8243; medium_width=&#8221;0&#8243; mobile_width=&#8221;0&#8243; width=&#8221;1\/1&#8243; uncode_shortcode_id=&#8221;123043&#8243;][vc_single_image media=&#8221;195&#8243; media_width_percent=&#8221;8&#8243; alignment=&#8221;center&#8221; uncode_shortcode_id=&#8221;143128&#8243;][\/vc_column_inner][\/vc_row_inner][vc_row_inner row_inner_height_percent=&#8221;0&#8243; overlay_alpha=&#8221;50&#8243; gutter_size=&#8221;3&#8243; shift_y=&#8221;0&#8243; z_index=&#8221;0&#8243; uncode_shortcode_id=&#8221;910696&#8243;][vc_column_inner column_width_percent=&#8221;100&#8243; align_horizontal=&#8221;align_center&#8221; gutter_size=&#8221;3&#8243; overlay_alpha=&#8221;50&#8243; shift_x=&#8221;0&#8243; shift_y=&#8221;0&#8243; shift_y_down=&#8221;0&#8243; z_index=&#8221;0&#8243; medium_width=&#8221;0&#8243; mobile_width=&#8221;0&#8243; width=&#8221;1\/1&#8243; uncode_shortcode_id=&#8221;123043&#8243;][vc_column_text text_lead=&#8221;yes&#8221; text_color=&#8221;color-728538&#8243; uncode_shortcode_id=&#8221;958449&#8243; text_color_type=&#8221;uncode-palette&#8221;]<span class=\"font-135913\">I papi<\/span>[\/vc_column_text][vc_custom_heading text_size=&#8221;h1&#8243; uncode_shortcode_id=&#8221;245456&#8243;]Il pesto approvato dai Papi[\/vc_custom_heading][vc_empty_space empty_h=&#8221;2&#8243;][\/vc_column_inner][\/vc_row_inner][vc_row_inner][vc_column_inner column_width_percent=&#8221;100&#8243; position_vertical=&#8221;middle&#8221; gutter_size=&#8221;3&#8243; overlay_alpha=&#8221;50&#8243; preserve_border=&#8221;yes&#8221; preserve_border_tablet=&#8221;yes&#8221; preserve_border_mobile=&#8221;yes&#8221; border_color=&#8221;color-728538&#8243; shift_x=&#8221;0&#8243; shift_y=&#8221;0&#8243; shift_y_down=&#8221;0&#8243; z_index=&#8221;0&#8243; medium_width=&#8221;0&#8243; mobile_width=&#8221;0&#8243; width=&#8221;1\/1&#8243; uncode_shortcode_id=&#8221;946118&#8243; border_color_type=&#8221;uncode-palette&#8221;][vc_single_image media=&#8221;1510&#8243; media_width_percent=&#8221;100&#8243; alignment=&#8221;center&#8221; uncode_shortcode_id=&#8221;603962&#8243;][\/vc_column_inner][\/vc_row_inner][vc_row_inner row_inner_height_percent=&#8221;0&#8243; overlay_alpha=&#8221;50&#8243; gutter_size=&#8221;3&#8243; shift_y=&#8221;0&#8243; z_index=&#8221;0&#8243; medium_visibility=&#8221;yes&#8221; mobile_visibility=&#8221;yes&#8221; uncode_shortcode_id=&#8221;183415&#8243;][vc_column_inner column_width_percent=&#8221;100&#8243; gutter_size=&#8221;3&#8243; overlay_alpha=&#8221;50&#8243; shift_x=&#8221;0&#8243; shift_y=&#8221;0&#8243; shift_y_down=&#8221;0&#8243; z_index=&#8221;0&#8243; medium_width=&#8221;0&#8243; mobile_width=&#8221;0&#8243; width=&#8221;1\/2&#8243; uncode_shortcode_id=&#8221;106987&#8243;][vc_empty_space empty_h=&#8221;2&#8243;][vc_column_text uncode_shortcode_id=&#8221;149205&#8243;]<span class=\"font-135913\">La famiglia Zeffirino ha un&#8217;amicizia di lunga data con il Vaticano e ha avuto l&#8217;onore di servire tre Papi nel corso degli anni: Papa Giovanni Paolo II, Papa Benedetto XVI e recentemente Papa Francesco, oltre a mantenere la tradizione di inviare o portare il pesto direttamente ai Papi.<\/span>[\/vc_column_text][vc_empty_space empty_h=&#8221;2&#8243;][\/vc_column_inner][vc_column_inner column_width_percent=&#8221;100&#8243; gutter_size=&#8221;3&#8243; overlay_alpha=&#8221;50&#8243; shift_x=&#8221;0&#8243; shift_y=&#8221;0&#8243; shift_y_down=&#8221;0&#8243; z_index=&#8221;0&#8243; medium_width=&#8221;0&#8243; mobile_width=&#8221;0&#8243; width=&#8221;1\/2&#8243; uncode_shortcode_id=&#8221;114477&#8243;][vc_empty_space empty_h=&#8221;2&#8243;][vc_column_text uncode_shortcode_id=&#8221;726559&#8243;]<span class=\"font-135913\">Quando visitano Genoa, la famiglia si occupa del catering e, naturalmente, si assicura che il pesto Zeffirino sia presente nel menu!<\/span>[\/vc_column_text][vc_empty_space empty_h=&#8221;2&#8243;][\/vc_column_inner][\/vc_row_inner][vc_row_inner row_inner_height_percent=&#8221;0&#8243; overlay_alpha=&#8221;50&#8243; gutter_size=&#8221;3&#8243; shift_y=&#8221;0&#8243; z_index=&#8221;0&#8243; desktop_visibility=&#8221;yes&#8221; uncode_shortcode_id=&#8221;102103&#8243;][vc_column_inner column_width_percent=&#8221;100&#8243; align_horizontal=&#8221;align_center&#8221; gutter_size=&#8221;3&#8243; overlay_alpha=&#8221;50&#8243; shift_x=&#8221;0&#8243; shift_y=&#8221;0&#8243; shift_y_down=&#8221;0&#8243; z_index=&#8221;0&#8243; medium_width=&#8221;0&#8243; mobile_width=&#8221;0&#8243; width=&#8221;1\/1&#8243; uncode_shortcode_id=&#8221;155900&#8243;][vc_empty_space empty_h=&#8221;2&#8243;][vc_column_text uncode_shortcode_id=&#8221;138413&#8243;]<span class=\"font-135913\">La famiglia Zeffirino ha un&#8217;amicizia di lunga data con il Vaticano e ha avuto l&#8217;onore di servire tre Papi nel corso degli anni: Papa Giovanni Paolo II, Papa Benedetto XVI e recentemente Papa Francesco, oltre a mantenere la tradizione di inviare o portare il pesto direttamente ai Papi.<\/span>[\/vc_column_text][vc_column_text uncode_shortcode_id=&#8221;793747&#8243;]<span class=\"font-135913\">Quando visitano Genoa, la famiglia si occupa del catering e, naturalmente, si assicura che il pesto Zeffirino sia presente nel menu!<\/span>[\/vc_column_text][vc_empty_space empty_h=&#8221;2&#8243;][\/vc_column_inner][\/vc_row_inner][vc_empty_space empty_h=&#8221;2&#8243;][vc_separator sep_color=&#8221;color-728538&#8243; uncode_shortcode_id=&#8221;857433&#8243; sep_color_type=&#8221;uncode-palette&#8221;][vc_empty_space empty_h=&#8221;2&#8243;][\/vc_column][\/vc_row][vc_row row_height_percent=&#8221;0&#8243; back_image=&#8221;525&#8243; overlay_alpha=&#8221;50&#8243; gutter_size=&#8221;3&#8243; column_width_percent=&#8221;100&#8243; shift_y=&#8221;0&#8243; z_index=&#8221;0&#8243; uncode_shortcode_id=&#8221;119844&#8243; row_name=&#8221;sinatra&#8221;][vc_column width=&#8221;1\/1&#8243;][vc_row_inner row_inner_height_percent=&#8221;0&#8243; overlay_alpha=&#8221;50&#8243; gutter_size=&#8221;3&#8243; shift_y=&#8221;0&#8243; z_index=&#8221;0&#8243; medium_visibility=&#8221;yes&#8221; mobile_visibility=&#8221;yes&#8221; uncode_shortcode_id=&#8221;207151&#8243;][vc_column_inner column_width_percent=&#8221;100&#8243; align_horizontal=&#8221;align_center&#8221; gutter_size=&#8221;3&#8243; overlay_alpha=&#8221;50&#8243; shift_x=&#8221;0&#8243; shift_y=&#8221;0&#8243; shift_y_down=&#8221;0&#8243; z_index=&#8221;0&#8243; medium_width=&#8221;0&#8243; mobile_width=&#8221;0&#8243; width=&#8221;1\/1&#8243; uncode_shortcode_id=&#8221;123043&#8243;][vc_single_image media=&#8221;195&#8243; media_width_percent=&#8221;3&#8243; alignment=&#8221;center&#8221; uncode_shortcode_id=&#8221;623162&#8243;][\/vc_column_inner][\/vc_row_inner][vc_row_inner row_inner_height_percent=&#8221;0&#8243; overlay_alpha=&#8221;50&#8243; gutter_size=&#8221;3&#8243; shift_y=&#8221;0&#8243; z_index=&#8221;0&#8243; desktop_visibility=&#8221;yes&#8221; uncode_shortcode_id=&#8221;203100&#8243;][vc_column_inner column_width_percent=&#8221;100&#8243; align_horizontal=&#8221;align_center&#8221; gutter_size=&#8221;3&#8243; overlay_alpha=&#8221;50&#8243; shift_x=&#8221;0&#8243; shift_y=&#8221;0&#8243; shift_y_down=&#8221;0&#8243; z_index=&#8221;0&#8243; medium_width=&#8221;0&#8243; mobile_width=&#8221;0&#8243; width=&#8221;1\/1&#8243; uncode_shortcode_id=&#8221;123043&#8243;][vc_single_image media=&#8221;195&#8243; media_width_percent=&#8221;8&#8243; alignment=&#8221;center&#8221; uncode_shortcode_id=&#8221;100116&#8243;][\/vc_column_inner][\/vc_row_inner][vc_row_inner row_inner_height_percent=&#8221;0&#8243; overlay_alpha=&#8221;50&#8243; gutter_size=&#8221;3&#8243; shift_y=&#8221;0&#8243; z_index=&#8221;0&#8243; uncode_shortcode_id=&#8221;856965&#8243;][vc_column_inner column_width_percent=&#8221;100&#8243; align_horizontal=&#8221;align_center&#8221; gutter_size=&#8221;3&#8243; overlay_alpha=&#8221;50&#8243; shift_x=&#8221;0&#8243; shift_y=&#8221;0&#8243; shift_y_down=&#8221;0&#8243; z_index=&#8221;0&#8243; medium_width=&#8221;0&#8243; mobile_width=&#8221;0&#8243; width=&#8221;1\/1&#8243; uncode_shortcode_id=&#8221;123043&#8243;][vc_column_text text_lead=&#8221;yes&#8221; text_color=&#8221;color-728538&#8243; uncode_shortcode_id=&#8221;108119&#8243; text_color_type=&#8221;uncode-palette&#8221;]<span class=\"font-135913\">Frank Sinatra<\/span>[\/vc_column_text][vc_custom_heading text_size=&#8221;h1&#8243; uncode_shortcode_id=&#8221;177101&#8243;]Un&#8217;amicizia che ha fatto storia[\/vc_custom_heading][\/vc_column_inner][\/vc_row_inner][vc_row_inner][vc_column_inner column_width_percent=&#8221;100&#8243; position_vertical=&#8221;middle&#8221; align_horizontal=&#8221;align_center&#8221; gutter_size=&#8221;3&#8243; overlay_alpha=&#8221;50&#8243; shift_x=&#8221;0&#8243; shift_y=&#8221;0&#8243; shift_y_down=&#8221;0&#8243; z_index=&#8221;0&#8243; medium_width=&#8221;0&#8243; mobile_width=&#8221;0&#8243; width=&#8221;1\/1&#8243; uncode_shortcode_id=&#8221;670917&#8243;][vc_empty_space empty_h=&#8221;2&#8243;][vc_column_text uncode_shortcode_id=&#8221;198306&#8243;]<span class=\"font-135913\">Il 14 agosto 1984, la famiglia Zeffirino ricevette una telefonata da un albergo di Montecarlo, in cui si comunicava che una nota personalit\u00e0 avrebbe pranzato a casa loro. Atteso con curiosit\u00e0, questo personaggio era nientemeno che Frank Sinatra, accompagnato dalla moglie e da amici intimi.<\/span>[\/vc_column_text][vc_empty_space empty_h=&#8221;2&#8243;][\/vc_column_inner][\/vc_row_inner][vc_row_inner row_inner_height_percent=&#8221;0&#8243; overlay_alpha=&#8221;50&#8243; gutter_size=&#8221;3&#8243; shift_y=&#8221;0&#8243; z_index=&#8221;0&#8243; medium_visibility=&#8221;yes&#8221; mobile_visibility=&#8221;yes&#8221; uncode_shortcode_id=&#8221;147575&#8243;][vc_column_inner column_width_percent=&#8221;100&#8243; position_vertical=&#8221;middle&#8221; gutter_size=&#8221;3&#8243; overlay_alpha=&#8221;50&#8243; shift_x=&#8221;0&#8243; shift_y=&#8221;0&#8243; shift_y_down=&#8221;0&#8243; z_index=&#8221;0&#8243; medium_width=&#8221;0&#8243; mobile_width=&#8221;0&#8243; width=&#8221;1\/6&#8243; uncode_shortcode_id=&#8221;747089&#8243;][\/vc_column_inner][vc_column_inner column_width_percent=&#8221;100&#8243; position_vertical=&#8221;middle&#8221; gutter_size=&#8221;3&#8243; overlay_alpha=&#8221;50&#8243; border_color=&#8221;color-728538&#8243; shift_x=&#8221;0&#8243; shift_y=&#8221;0&#8243; shift_y_down=&#8221;0&#8243; z_index=&#8221;0&#8243; medium_width=&#8221;0&#8243; mobile_width=&#8221;0&#8243; width=&#8221;2\/3&#8243; uncode_shortcode_id=&#8221;206580&#8243; border_color_type=&#8221;uncode-palette&#8221;][vc_single_image media=&#8221;1511&#8243; media_width_percent=&#8221;100&#8243; alignment=&#8221;center&#8221; uncode_shortcode_id=&#8221;627441&#8243;][\/vc_column_inner][vc_column_inner column_width_percent=&#8221;100&#8243; position_vertical=&#8221;middle&#8221; gutter_size=&#8221;3&#8243; overlay_alpha=&#8221;50&#8243; shift_x=&#8221;0&#8243; shift_y=&#8221;0&#8243; shift_y_down=&#8221;0&#8243; z_index=&#8221;0&#8243; medium_width=&#8221;0&#8243; mobile_width=&#8221;0&#8243; width=&#8221;1\/6&#8243; uncode_shortcode_id=&#8221;122250&#8243;][\/vc_column_inner][\/vc_row_inner][vc_row_inner row_inner_height_percent=&#8221;0&#8243; overlay_alpha=&#8221;50&#8243; gutter_size=&#8221;3&#8243; shift_y=&#8221;0&#8243; z_index=&#8221;0&#8243; desktop_visibility=&#8221;yes&#8221; uncode_shortcode_id=&#8221;146317&#8243;][vc_column_inner column_width_percent=&#8221;100&#8243; position_vertical=&#8221;middle&#8221; gutter_size=&#8221;3&#8243; overlay_alpha=&#8221;50&#8243; preserve_border=&#8221;yes&#8221; preserve_border_tablet=&#8221;yes&#8221; preserve_border_mobile=&#8221;yes&#8221; border_color=&#8221;color-728538&#8243; shift_x=&#8221;0&#8243; shift_y=&#8221;0&#8243; shift_y_down=&#8221;0&#8243; z_index=&#8221;0&#8243; medium_width=&#8221;0&#8243; mobile_width=&#8221;0&#8243; width=&#8221;1\/1&#8243; uncode_shortcode_id=&#8221;117834&#8243; border_color_type=&#8221;uncode-palette&#8221;][vc_single_image media=&#8221;1248&#8243; media_width_percent=&#8221;100&#8243; alignment=&#8221;center&#8221; uncode_shortcode_id=&#8221;836362&#8243;][\/vc_column_inner][\/vc_row_inner][vc_row_inner][vc_column_inner column_width_percent=&#8221;100&#8243; position_vertical=&#8221;middle&#8221; align_horizontal=&#8221;align_center&#8221; gutter_size=&#8221;3&#8243; overlay_alpha=&#8221;50&#8243; shift_x=&#8221;0&#8243; shift_y=&#8221;0&#8243; shift_y_down=&#8221;0&#8243; z_index=&#8221;0&#8243; medium_width=&#8221;0&#8243; mobile_width=&#8221;0&#8243; width=&#8221;1\/1&#8243; uncode_shortcode_id=&#8221;236540&#8243;][vc_empty_space empty_h=&#8221;2&#8243;][vc_column_text uncode_shortcode_id=&#8221;186131&#8243;]<span class=\"font-135913\">Questo incontro segn\u00f2 l&#8217;inizio di una grande amicizia e diede vita ad un piatto emblematico e profumato, i &#8220;Paffutelli alla Frank&#8221;. La famiglia Zeffirino accompagn\u00f2 Frank Sinatra in tutti i suoi impegni eventi in Italia e gli invi\u00f2 anche il suo prezioso pesto per i suoi eventi privati.<\/span>[\/vc_column_text][vc_empty_space empty_h=&#8221;2&#8243;][\/vc_column_inner][\/vc_row_inner][\/vc_column][\/vc_row][vc_row row_height_percent=&#8221;0&#8243; back_color=&#8221;color-176076&#8243; overlay_alpha=&#8221;50&#8243; gutter_size=&#8221;3&#8243; column_width_percent=&#8221;100&#8243; shift_y=&#8221;0&#8243; z_index=&#8221;0&#8243; uncode_shortcode_id=&#8221;120834&#8243; back_color_type=&#8221;uncode-palette&#8221; row_name=&#8221;giraudi&#8221;][vc_column width=&#8221;1\/1&#8243;][vc_empty_space empty_h=&#8221;2&#8243;][vc_row_inner row_inner_height_percent=&#8221;0&#8243; overlay_alpha=&#8221;50&#8243; gutter_size=&#8221;3&#8243; shift_y=&#8221;0&#8243; z_index=&#8221;0&#8243; medium_visibility=&#8221;yes&#8221; mobile_visibility=&#8221;yes&#8221; uncode_shortcode_id=&#8221;207151&#8243;][vc_column_inner column_width_percent=&#8221;100&#8243; align_horizontal=&#8221;align_center&#8221; gutter_size=&#8221;3&#8243; overlay_alpha=&#8221;50&#8243; shift_x=&#8221;0&#8243; shift_y=&#8221;0&#8243; shift_y_down=&#8221;0&#8243; z_index=&#8221;0&#8243; medium_width=&#8221;0&#8243; mobile_width=&#8221;0&#8243; width=&#8221;1\/1&#8243; uncode_shortcode_id=&#8221;123043&#8243;][vc_single_image media=&#8221;195&#8243; media_width_percent=&#8221;3&#8243; alignment=&#8221;center&#8221; uncode_shortcode_id=&#8221;623162&#8243;][\/vc_column_inner][\/vc_row_inner][vc_row_inner row_inner_height_percent=&#8221;0&#8243; overlay_alpha=&#8221;50&#8243; gutter_size=&#8221;3&#8243; shift_y=&#8221;0&#8243; z_index=&#8221;0&#8243; desktop_visibility=&#8221;yes&#8221; uncode_shortcode_id=&#8221;203100&#8243;][vc_column_inner column_width_percent=&#8221;100&#8243; align_horizontal=&#8221;align_center&#8221; gutter_size=&#8221;3&#8243; overlay_alpha=&#8221;50&#8243; shift_x=&#8221;0&#8243; shift_y=&#8221;0&#8243; shift_y_down=&#8221;0&#8243; z_index=&#8221;0&#8243; medium_width=&#8221;0&#8243; mobile_width=&#8221;0&#8243; width=&#8221;1\/1&#8243; uncode_shortcode_id=&#8221;123043&#8243;][vc_single_image media=&#8221;195&#8243; media_width_percent=&#8221;8&#8243; alignment=&#8221;center&#8221; uncode_shortcode_id=&#8221;100116&#8243;][\/vc_column_inner][\/vc_row_inner][vc_row_inner row_inner_height_percent=&#8221;0&#8243; overlay_alpha=&#8221;50&#8243; gutter_size=&#8221;3&#8243; shift_y=&#8221;0&#8243; z_index=&#8221;0&#8243; uncode_shortcode_id=&#8221;133167&#8243;][vc_column_inner column_width_percent=&#8221;100&#8243; align_horizontal=&#8221;align_center&#8221; gutter_size=&#8221;3&#8243; overlay_alpha=&#8221;50&#8243; shift_x=&#8221;0&#8243; shift_y=&#8221;0&#8243; shift_y_down=&#8221;0&#8243; z_index=&#8221;0&#8243; medium_width=&#8221;0&#8243; mobile_width=&#8221;0&#8243; width=&#8221;1\/1&#8243; uncode_shortcode_id=&#8221;123043&#8243;][vc_column_text text_lead=&#8221;yes&#8221; text_color=&#8221;color-728538&#8243; uncode_shortcode_id=&#8221;101711&#8243; text_color_type=&#8221;uncode-palette&#8221;]<span class=\"font-135913\">Riccardo Giraudi<\/span>[\/vc_column_text][vc_custom_heading text_size=&#8221;h1&#8243; uncode_shortcode_id=&#8221;644905&#8243;]Il ristoratore genovese[\/vc_custom_heading][\/vc_column_inner][\/vc_row_inner][vc_row_inner row_inner_height_percent=&#8221;0&#8243; overlay_alpha=&#8221;50&#8243; gutter_size=&#8221;3&#8243; shift_y=&#8221;0&#8243; z_index=&#8221;0&#8243; medium_visibility=&#8221;yes&#8221; mobile_visibility=&#8221;yes&#8221; uncode_shortcode_id=&#8221;147575&#8243;][vc_column_inner column_width_percent=&#8221;100&#8243; position_vertical=&#8221;middle&#8221; gutter_size=&#8221;3&#8243; overlay_alpha=&#8221;50&#8243; shift_x=&#8221;0&#8243; shift_y=&#8221;0&#8243; shift_y_down=&#8221;0&#8243; z_index=&#8221;0&#8243; medium_width=&#8221;0&#8243; mobile_width=&#8221;0&#8243; width=&#8221;1\/6&#8243; uncode_shortcode_id=&#8221;747089&#8243;][\/vc_column_inner][vc_column_inner column_width_percent=&#8221;100&#8243; position_vertical=&#8221;middle&#8221; gutter_size=&#8221;3&#8243; overlay_alpha=&#8221;50&#8243; border_color=&#8221;color-728538&#8243; border_style=&#8221;solid&#8221; shift_x=&#8221;0&#8243; shift_y=&#8221;0&#8243; shift_y_down=&#8221;0&#8243; z_index=&#8221;0&#8243; medium_width=&#8221;0&#8243; mobile_width=&#8221;0&#8243; width=&#8221;2\/3&#8243; uncode_shortcode_id=&#8221;151080&#8243; border_color_type=&#8221;uncode-palette&#8221;][vc_single_image media=&#8221;964&#8243; media_width_percent=&#8221;100&#8243; alignment=&#8221;center&#8221; uncode_shortcode_id=&#8221;211754&#8243;][\/vc_column_inner][vc_column_inner column_width_percent=&#8221;100&#8243; position_vertical=&#8221;middle&#8221; gutter_size=&#8221;3&#8243; overlay_alpha=&#8221;50&#8243; shift_x=&#8221;0&#8243; shift_y=&#8221;0&#8243; shift_y_down=&#8221;0&#8243; z_index=&#8221;0&#8243; medium_width=&#8221;0&#8243; mobile_width=&#8221;0&#8243; width=&#8221;1\/6&#8243; uncode_shortcode_id=&#8221;122250&#8243;][\/vc_column_inner][\/vc_row_inner][vc_row_inner row_inner_height_percent=&#8221;0&#8243; overlay_alpha=&#8221;50&#8243; gutter_size=&#8221;3&#8243; shift_y=&#8221;0&#8243; z_index=&#8221;0&#8243; desktop_visibility=&#8221;yes&#8221; uncode_shortcode_id=&#8221;146317&#8243;][vc_column_inner column_width_percent=&#8221;100&#8243; position_vertical=&#8221;middle&#8221; gutter_size=&#8221;3&#8243; overlay_alpha=&#8221;50&#8243; preserve_border=&#8221;yes&#8221; preserve_border_tablet=&#8221;yes&#8221; preserve_border_mobile=&#8221;yes&#8221; border_color=&#8221;color-728538&#8243; shift_x=&#8221;0&#8243; shift_y=&#8221;0&#8243; shift_y_down=&#8221;0&#8243; z_index=&#8221;0&#8243; medium_width=&#8221;0&#8243; mobile_width=&#8221;0&#8243; width=&#8221;1\/1&#8243; uncode_shortcode_id=&#8221;193839&#8243; border_color_type=&#8221;uncode-palette&#8221;][vc_single_image media=&#8221;964&#8243; media_width_percent=&#8221;100&#8243; alignment=&#8221;center&#8221; uncode_shortcode_id=&#8221;483664&#8243;][\/vc_column_inner][\/vc_row_inner][vc_row_inner][vc_column_inner column_width_percent=&#8221;100&#8243; position_vertical=&#8221;middle&#8221; align_horizontal=&#8221;align_center&#8221; gutter_size=&#8221;3&#8243; overlay_alpha=&#8221;50&#8243; shift_x=&#8221;0&#8243; shift_y=&#8221;0&#8243; shift_y_down=&#8221;0&#8243; z_index=&#8221;0&#8243; medium_width=&#8221;0&#8243; mobile_width=&#8221;0&#8243; width=&#8221;1\/1&#8243; uncode_shortcode_id=&#8221;236540&#8243;][vc_empty_space empty_h=&#8221;2&#8243;][vc_column_text uncode_shortcode_id=&#8221;321997&#8243;]<span class=\"font-135913\">Nato a Genoa, il ristoratore monegasco Riccardo Giraudi, creatore dei ristoranti Beefbar in tutto il mondo, ha voluto portare questo incredibile ristorante e le sue iconiche ricette nelle sue citt\u00e0 d&#8217;origine, Monaco e Parigi.<\/span><\/p>\n<p><span class=\"font-135913\">Riccardo Giraudi \u00e8 un ristoratore italo-monegasco la cui creativit\u00e0 non conosce limiti. Dal 2005, i ristoranti Beefbar sono spuntati in alcune delle pi\u00f9 belle citt\u00e0 del mondo, da Parigi a San Paolo, da Mykonos a New York (l&#8217;ultima nata). A Parigi, ha ridato vita all&#8217;istituzione Anahi, rilevando il ristorante senza modificarne il carattere e riportando in auge l&#8217;inimitabile padrona di casa, Carmina.<\/span><\/p>\n<p><span class=\"font-135913\">Riccardo \u00e8 altrettanto legato alla storia e all&#8217;eredit\u00e0 di Zeffirino, l\u2019imperdibile ristorante della sua citt\u00e0 natale, e ha convinto la famiglia Belloni ad estendere questo gioiello della gastronomia italiana oltre i suoi confini.<\/span><\/p>\n<p><span class=\"font-135913\">Oggi \u00e8 lieto di presentare le prossime aperture di Zeffirino a Parigi e Monaco. Per il ristorante di Parigi, Riccardo ha collaborato con Mehdi Abdelhedi, fondatore dei ristoranti italiani C\u00e9sar e Si\u00e9na, anch&#8217;essi noti alle celebrit\u00e0 internazionali.<\/span>[\/vc_column_text][vc_empty_space empty_h=&#8221;3&#8243;][vc_single_image media=&#8221;1512&#8243; media_width_percent=&#8221;40&#8243; alignment=&#8221;center&#8221; uncode_shortcode_id=&#8221;162321&#8243;][vc_button button_color=&#8221;color-725527&#8243; size=&#8221;link&#8221; btn_link_size=&#8221;h4&#8243; btn_link_underline=&#8221;btn-underline-out&#8221; custom_typo=&#8221;yes&#8221; font_family=&#8221;font-135913&#8243; font_weight=&#8221;100&#8243; link=&#8221;url:https%3A%2F%2Fwww.riccardogiraudi.com%2F|target:_blank|&#8221; button_color_type=&#8221;uncode-palette&#8221; uncode_shortcode_id=&#8221;134057&#8243;]Riccardo Giraudi [\/vc_button][\/vc_column_inner][\/vc_row_inner][\/vc_column][\/vc_row][vc_row][vc_column width=&#8221;1\/1&#8243;][vc_empty_space empty_h=&#8221;2&#8243;][vc_row_inner row_inner_height_percent=&#8221;0&#8243; overlay_alpha=&#8221;50&#8243; gutter_size=&#8221;3&#8243; shift_y=&#8221;0&#8243; z_index=&#8221;0&#8243; medium_visibility=&#8221;yes&#8221; mobile_visibility=&#8221;yes&#8221; uncode_shortcode_id=&#8221;207151&#8243;][vc_column_inner column_width_percent=&#8221;100&#8243; align_horizontal=&#8221;align_center&#8221; gutter_size=&#8221;3&#8243; overlay_alpha=&#8221;50&#8243; shift_x=&#8221;0&#8243; shift_y=&#8221;0&#8243; shift_y_down=&#8221;0&#8243; z_index=&#8221;0&#8243; medium_width=&#8221;0&#8243; mobile_width=&#8221;0&#8243; width=&#8221;1\/1&#8243; uncode_shortcode_id=&#8221;123043&#8243;][vc_single_image media=&#8221;195&#8243; media_width_percent=&#8221;3&#8243; alignment=&#8221;center&#8221; uncode_shortcode_id=&#8221;623162&#8243;][\/vc_column_inner][\/vc_row_inner][vc_row_inner row_inner_height_percent=&#8221;0&#8243; overlay_alpha=&#8221;50&#8243; gutter_size=&#8221;3&#8243; shift_y=&#8221;0&#8243; z_index=&#8221;0&#8243; desktop_visibility=&#8221;yes&#8221; uncode_shortcode_id=&#8221;203100&#8243;][vc_column_inner column_width_percent=&#8221;100&#8243; align_horizontal=&#8221;align_center&#8221; gutter_size=&#8221;3&#8243; overlay_alpha=&#8221;50&#8243; shift_x=&#8221;0&#8243; shift_y=&#8221;0&#8243; shift_y_down=&#8221;0&#8243; z_index=&#8221;0&#8243; medium_width=&#8221;0&#8243; mobile_width=&#8221;0&#8243; width=&#8221;1\/1&#8243; uncode_shortcode_id=&#8221;123043&#8243;][vc_single_image media=&#8221;195&#8243; media_width_percent=&#8221;8&#8243; alignment=&#8221;center&#8221; uncode_shortcode_id=&#8221;100116&#8243;][\/vc_column_inner][\/vc_row_inner][vc_row_inner row_inner_height_percent=&#8221;0&#8243; overlay_alpha=&#8221;50&#8243; gutter_size=&#8221;3&#8243; shift_y=&#8221;0&#8243; z_index=&#8221;0&#8243; uncode_shortcode_id=&#8221;724661&#8243;][vc_column_inner column_width_percent=&#8221;100&#8243; align_horizontal=&#8221;align_center&#8221; gutter_size=&#8221;3&#8243; overlay_alpha=&#8221;50&#8243; shift_x=&#8221;0&#8243; shift_y=&#8221;0&#8243; shift_y_down=&#8221;0&#8243; z_index=&#8221;0&#8243; medium_width=&#8221;0&#8243; mobile_width=&#8221;0&#8243; width=&#8221;1\/1&#8243; uncode_shortcode_id=&#8221;123043&#8243;][vc_column_text text_lead=&#8221;yes&#8221; text_color=&#8221;color-728538&#8243; uncode_shortcode_id=&#8221;214338&#8243; text_color_type=&#8221;uncode-palette&#8221;]<span class=\"font-135913\">Appuntamento con le celebrit\u00e0<\/span>[\/vc_column_text][vc_custom_heading text_size=&#8221;h1&#8243; uncode_shortcode_id=&#8221;363728&#8243;]L&#8217;indirizzo genovese essenziale per il pesto![\/vc_custom_heading][\/vc_column_inner][\/vc_row_inner][vc_empty_space empty_h=&#8221;2&#8243;][vc_gallery el_id=&#8221;gallery-198747&#8243; type=&#8221;justified&#8221; medias=&#8221;1627,1599,1605,1607,1606,1596,1610,1594,1613,1616,1620,1617,1622,1595,1612,1597,1598,1600,1601,1602,1604,1608,1609,1611,1614,1615,1618,1619,1621,1623,1630,1633,1636,1639,1642,1645,1648&#8243; justify_row_height=&#8221;250&#8243; gutter_size=&#8221;3&#8243; media_items=&#8221;media|lightbox|original&#8221; single_back_color=&#8221;color-176076&#8243; single_overlay_opacity=&#8221;50&#8243; single_text_anim=&#8221;no&#8221; single_image_anim=&#8221;no&#8221; single_padding=&#8221;2&#8243; single_border=&#8221;yes&#8221; lbox_full=&#8221;yes&#8221; uncode_shortcode_id=&#8221;361083&#8243;][\/vc_column][\/vc_row]<\/p>\n<\/div>","protected":false},"excerpt":{"rendered":"<p>[vc_row row_height_percent=&#8221;100&#8243; override_padding=&#8221;yes&#8221; h_padding=&#8221;2&#8243; top_padding=&#8221;0&#8243; bottom_padding=&#8221;2&#8243; back_image=&#8221;764&#8243; overlay_alpha=&#8221;50&#8243; gutter_size=&#8221;3&#8243; column_width_percent=&#8221;100&#8243; shift_y=&#8221;0&#8243; z_index=&#8221;0&#8243; uncode_shortcode_id=&#8221;244192&#8243; row_name=&#8221;origine&#8221;][vc_column column_width_percent=&#8221;100&#8243; align_horizontal=&#8221;align_center&#8221; gutter_size=&#8221;3&#8243; overlay_alpha=&#8221;50&#8243; shift_x=&#8221;0&#8243; shift_y=&#8221;0&#8243; [&hellip;]<\/p>\n","protected":false},"author":1,"featured_media":0,"parent":0,"menu_order":0,"comment_status":"closed","ping_status":"closed","template":"","meta":{"footnotes":""},"class_list":["post-2247","page","type-page","status-publish","hentry"],"aioseo_notices":[],"_links":{"self":[{"href":"https:\/\/zeffirino-restaurant.com\/it\/wp-json\/wp\/v2\/pages\/2247","targetHints":{"allow":["GET"]}}],"collection":[{"href":"https:\/\/zeffirino-restaurant.com\/it\/wp-json\/wp\/v2\/pages"}],"about":[{"href":"https:\/\/zeffirino-restaurant.com\/it\/wp-json\/wp\/v2\/types\/page"}],"author":[{"embeddable":true,"href":"https:\/\/zeffirino-restaurant.com\/it\/wp-json\/wp\/v2\/users\/1"}],"replies":[{"embeddable":true,"href":"https:\/\/zeffirino-restaurant.com\/it\/wp-json\/wp\/v2\/comments?post=2247"}],"version-history":[{"count":15,"href":"https:\/\/zeffirino-restaurant.com\/it\/wp-json\/wp\/v2\/pages\/2247\/revisions"}],"predecessor-version":[{"id":3048,"href":"https:\/\/zeffirino-restaurant.com\/it\/wp-json\/wp\/v2\/pages\/2247\/revisions\/3048"}],"wp:attachment":[{"href":"https:\/\/zeffirino-restaurant.com\/it\/wp-json\/wp\/v2\/media?parent=2247"}],"curies":[{"name":"wp","href":"https:\/\/api.w.org\/{rel}","templated":true}]}}